{"id":7809,"date":"2023-06-12T22:52:11","date_gmt":"2023-06-12T20:52:11","guid":{"rendered":"https:\/\/ilupin.com\/en\/?page_id=7809"},"modified":"2025-06-10T17:40:08","modified_gmt":"2025-06-10T15:40:08","slug":"2023-06-08-salina-turda","status":"publish","type":"page","link":"https:\/\/ilupin.com\/fr\/travels\/eastern-europe\/romania\/2023-06-08-salina-turda\/","title":{"rendered":"Salina Turda : le monde souterrain du\u00a0NaCl"},"content":{"rendered":"\n<div class=\"travels\"><ol>\n\n<li>Bonjour \u00e0 <a href=\"https:\/\/fr.wikipedia.org\/wiki\/Cluj-Napoca\">Cluj-Napoca<\/a>. H\u00f4tel Continental <span class=\"nobr\">n\u00e9o-baroque.<\/span>\n<img decoding=\"async\" src=\"\/wp-content\/uploads\/travels\/eastern-europe\/romania\/2023-06-08-salina-turda\/3323.jpg\"><\/li>\n\n<li>Un rassemblement sur la place des Syndicats pour soutenir la gr\u00e8ve nationale des travailleurs de l\u2019\u00e9ducation.\n<img decoding=\"async\" src=\"\/wp-content\/uploads\/travels\/eastern-europe\/romania\/2023-06-08-salina-turda\/3332.jpg\"><\/li>\n\n<li>Non seulement les profs, mais aussi les \u00e9tudiants et leurs parents participent \u00e0 la manifestation.\n<img decoding=\"async\" src=\"\/wp-content\/uploads\/travels\/eastern-europe\/romania\/2023-06-08-salina-turda\/3343.jpg\"><\/li>\n\n<li>Le roi hongrois <a href=\"https:\/\/fr.wikipedia.org\/wiki\/Matthias_Corvin\">Matthias Corvin<\/a> (n\u00e9 \u00e0 Cluj mais s\u2019est disput\u00e9 avec ses rebelles et en a empal\u00e9 certains) pr\u00e8s de l\u2019\u00e9glise St.&#8239;Michel.\n<img decoding=\"async\" src=\"\/wp-content\/uploads\/travels\/eastern-europe\/romania\/2023-06-08-salina-turda\/3329.jpg\"><\/li>\n\n<li>St.&#8239;Georges en porcelaine est une joyeuse copie de la statue en bronze des <a href=\"https:\/\/de.wikipedia.org\/wiki\/Georg_und_Martin_von_Klausenburg\">fr\u00e8res Cluj<\/a> de 1373, install\u00e9e \u00e0 Cluj, Budapest et&nbsp;Prague.\n<img decoding=\"async\" src=\"\/wp-content\/uploads\/travels\/eastern-europe\/romania\/2023-06-08-salina-turda\/3358.jpg\"><\/li>\n\n<li>Ob\u00e9lisque comm\u00e9morant Caroline-Auguste et son mari <a href=\"https:\/\/fr.wikipedia.org\/wiki\/Fran%C3%A7ois_Ier_(empereur_d%27Autriche)\">Fran\u00e7ois I<sup>er<\/sup><\/a> (alias Fran\u00e7ois II) qui parcouraient les provinces de l\u2019Empire autrichien en&nbsp;1817. \n<img decoding=\"async\" src=\"\/wp-content\/uploads\/travels\/eastern-europe\/romania\/2023-06-08-salina-turda\/3367.jpg\"><\/li>\n\n<li>Lumi\u00e8re, cam\u00e9ra, action&#8239;!\n<img decoding=\"async\" src=\"\/wp-content\/uploads\/travels\/eastern-europe\/romania\/2023-06-08-salina-turda\/3378.jpg\"><\/li>\n\n<li>M\u00e9morial aux 18&#8239;000 hommes, femmes et enfants juifs <a href=\"https:\/\/fr.wikipedia.org\/wiki\/Shoah_en_Roumanie\">d\u00e9port\u00e9s<\/a> de Cluj \u00e0 Auschwitz en&nbsp;1944.\n<img decoding=\"async\" src=\"\/wp-content\/uploads\/travels\/eastern-europe\/romania\/2023-06-08-salina-turda\/3380.jpg\"><\/li>\n\n<li>Pharmacie au coin.\n<img decoding=\"async\" src=\"\/wp-content\/uploads\/travels\/eastern-europe\/romania\/2023-06-08-salina-turda\/3387.jpg\"><\/li>\n\n<li>Michel le Brave (d\u00e9j\u00e0 familier) et une affiche g\u00e9ante pour Imagine Dragons, qui collectionnent les salles, pas les terres (<a href=\"https:\/\/youtu.be\/fQhj_aKQkBY\">encore&nbsp;mieux<\/a>).\n<img decoding=\"async\" src=\"\/wp-content\/uploads\/travels\/eastern-europe\/romania\/2023-06-08-salina-turda\/3390.jpg\"><\/li>\n\n<li>\u00c0 environ une demi-heure de route de Cluj se trouve la ville de Turda et sa c\u00e9l\u00e8bre mine de&nbsp;sel. Ce&nbsp;n\u2019est pas encore&nbsp;\u00e7a.\n<img decoding=\"async\" src=\"\/wp-content\/uploads\/travels\/eastern-europe\/romania\/2023-06-08-salina-turda\/3412.jpg\"><\/li>\n\n<li>\u00c9glise r\u00e9form\u00e9e sur le chemin de la&nbsp;mine.\n<img decoding=\"async\" src=\"\/wp-content\/uploads\/travels\/eastern-europe\/romania\/2023-06-08-salina-turda\/3413.jpg\"><\/li>\n\n<li>Un mur pittoresque pr\u00e8s de l\u2019ancienne entr\u00e9e de&nbsp;la mine.<!-- (\u00e0 laquelle il est beaucoup plus facile d\u2019acc\u00e9der depuis Cluj qu\u2019\u00e0 la nouvelle).-->\n<img decoding=\"async\" src=\"\/wp-content\/uploads\/travels\/eastern-europe\/romania\/2023-06-08-salina-turda\/3577.jpg\"><\/li>\n\n<li>Tunnel depuis l\u2019ancienne entr\u00e9e de <a href=\"https:\/\/fr.wikipedia.org\/wiki\/Salina_Turda\">Salina Turda<\/a> (~&#8239;600&#8239;m). Deux fois plus long que le nouveau, mais \u00e9conomise beaucoup de temps et d\u2019efforts.\n<img decoding=\"async\" src=\"\/wp-content\/uploads\/travels\/eastern-europe\/romania\/2023-06-08-salina-turda\/3420.jpg\"><\/li>\n\n<li>Balcon sur la salle <a href=\"https:\/\/fr.wikipedia.org\/wiki\/Joseph_II_(empereur_du_Saint-Empire)\">Joseph&nbsp;II<\/a> (pos\u00e9e un an avant sa naissance) en forme de cloche. L\u2019\u00e9cho ici r\u00e9p\u00e8te les sons aigus jusqu\u2019\u00e0 20&nbsp;fois.\n<img decoding=\"async\" src=\"\/wp-content\/uploads\/travels\/eastern-europe\/romania\/2023-06-08-salina-turda\/3427.jpg\"><\/li>\n\n<li>Machine infernale de 1881. Aux torches, 4&nbsp;\u00e0&nbsp;8 chevaux tournaient les bras, soulevant des sacs de sel. Aveugles en quinze jours, retrait\u00e9s en six&nbsp;mois.\n<img decoding=\"async\" src=\"\/wp-content\/uploads\/travels\/eastern-europe\/romania\/2023-06-08-salina-turda\/3439.jpg\"><\/li>\n\n<li>Pouvez-vous me passer le sel s\u2019il vous pla\u00eet&#8239;?\n<img decoding=\"async\" src=\"\/wp-content\/uploads\/travels\/eastern-europe\/romania\/2023-06-08-salina-turda\/3443.jpg\"><\/li>\n\n<li>La salle principale <a href=\"https:\/\/fr.wikipedia.org\/wiki\/Rodolphe_d%27Autriche\">Rodolphe<\/a> mesure 42&#8239;m de haut, mais le&nbsp;seul ascenseur accueille 7&nbsp;personnes max. Si tu veux pas attendre, prends l\u2019escalier.\n<img decoding=\"async\" src=\"\/wp-content\/uploads\/travels\/eastern-europe\/romania\/2023-06-08-salina-turda\/3452.jpg\"><\/li>\n\n<li>La mine mill\u00e9naire a \u00e9t\u00e9 ferm\u00e9e en 1932 car non rentable, pour \u00eatre transform\u00e9e \u00e0 six petits millions en centre de loisirs culturels en&nbsp;2010.\n<img decoding=\"async\" src=\"\/wp-content\/uploads\/travels\/eastern-europe\/romania\/2023-06-08-salina-turda\/3456.jpg\"><\/li>\n\n<li>Lac souterrain de la salle <a href=\"https:\/\/fr.wikipedia.org\/wiki\/Marie-Th%C3%A9r%C3%A8se_d%27Autriche_(1717-1780)\">Th\u00e9r\u00e8se<\/a> (\u00e0&nbsp;gauche de la salle principale).\n<img decoding=\"async\" src=\"\/wp-content\/uploads\/travels\/eastern-europe\/romania\/2023-06-08-salina-turda\/3499.jpg\"><\/li>\n\n<li>Si on descend jusqu\u2019au lac et l\u00e8ve la t\u00eate, on pourra voir la cage d\u2019ascenseur dans un beau cadre. La mine Th\u00e9r\u00e8se mesure 112&#8239;m de&nbsp;haut.\n<img decoding=\"async\" src=\"\/wp-content\/uploads\/travels\/eastern-europe\/romania\/2023-06-08-salina-turda\/3508.jpg\"><\/li>\n\n<li>\u00ab&#8239;La&nbsp;glace&#8239;\u00bb sur les structures est de d\u00e9p\u00f4ts de sel, pratiquement toutes les surfaces ici en sont recouvertes.\n<img decoding=\"async\" src=\"\/wp-content\/uploads\/travels\/eastern-europe\/romania\/2023-06-08-salina-turda\/3510.jpg\"><\/li>\n\n<li>Vue ext\u00e9rieure.\n<img decoding=\"async\" src=\"\/wp-content\/uploads\/travels\/eastern-europe\/romania\/2023-06-08-salina-turda\/3521.jpg\"><\/li>\n\n<li>Revenons au hall principal \u00e0 temps pour prendre la roue du&nbsp;ferry.\n<img decoding=\"async\" src=\"\/wp-content\/uploads\/travels\/eastern-europe\/romania\/2023-06-08-salina-turda\/3528.jpg\"><\/li>\n\n<li>La galerie du plafond n\u2019est pas pour les \u00e2mes sensibles (vue depuis la roue du ferry en contrebas).\n<img decoding=\"async\" src=\"\/wp-content\/uploads\/travels\/eastern-europe\/romania\/2023-06-08-salina-turda\/3540.jpg\"><\/li>\n\n<li>Stalactites sal\u00e9es.\n<img decoding=\"async\" src=\"\/wp-content\/uploads\/travels\/eastern-europe\/romania\/2023-06-08-salina-turda\/3561.jpg\"><\/li>\n\n<li>\u00c0 cinq heures, tout le monde est invit\u00e9 \u00e0 partir. On est tent\u00e9 de l\u00e9cher discr\u00e8tement le mur du couloir (mais il vaut mieux&nbsp;pas).\n<img decoding=\"async\" src=\"\/wp-content\/uploads\/travels\/eastern-europe\/romania\/2023-06-08-salina-turda\/3568.jpg\"><\/li>\n\n<li>Les isolants en c\u00e9ramique n\u2019ont pas l\u2019air si app\u00e9tissants, je&nbsp;l\u2019avoue.\n<img decoding=\"async\" src=\"\/wp-content\/uploads\/travels\/eastern-europe\/romania\/2023-06-08-salina-turda\/3573.jpg\"><\/li>\n\n<li>Cluj encore. L\u2019\u00e9glise gothique St. Michel du XIV<sup>e<\/sup> si\u00e8cle a r\u00e9ussi \u00e0 \u00eatre luth\u00e9rienne, calviniste et unitarienne, aujourd\u2019hui \u00e0 nouveau catholique.\n<img decoding=\"async\" src=\"\/wp-content\/uploads\/travels\/eastern-europe\/romania\/2023-06-08-salina-turda\/3636.jpg\"><\/li>\n\n<li>Un bon animateur avec un programme int\u00e9ressant.\n<img decoding=\"async\" src=\"\/wp-content\/uploads\/travels\/eastern-europe\/romania\/2023-06-08-salina-turda\/3651.jpg\"><\/li>\n\n<\/ol><\/div>\n\n\n\n<div class=\"menu-romania-23-container\"><ul id=\"menu-romania-23\" class=\"menu\"><li id=\"menu-item-7924\" class=\"menu-item menu-item-type-post_type menu-item-object-page menu-item-7924\"><a href=\"https:\/\/ilupin.com\/fr\/?page_id=7919\" class=\"menu-link\">Roumanie 2023<\/a><\/li>\n<li id=\"menu-item-7853\" class=\"menu-item menu-item-type-post_type menu-item-object-page menu-item-7853\"><a href=\"https:\/\/ilupin.com\/fr\/travels\/eastern-europe\/romania\/2023-05-31-lyon-to-bucharest\/\" class=\"menu-link\">Lyon\u25b8Bucarest<\/a><\/li>\n<li id=\"menu-item-7852\" class=\"menu-item menu-item-type-post_type menu-item-object-page menu-item-7852\"><a href=\"https:\/\/ilupin.com\/fr\/travels\/eastern-europe\/romania\/2023-06-01-old-town\/\" class=\"menu-link\">Vielle ville<\/a><\/li>\n<li id=\"menu-item-7851\" class=\"menu-item menu-item-type-post_type menu-item-object-page menu-item-7851\"><a href=\"https:\/\/ilupin.com\/fr\/travels\/eastern-europe\/romania\/2023-06-02-village-museum\/\" class=\"menu-link\">Mus\u00e9e du village<\/a><\/li>\n<li id=\"menu-item-7850\" class=\"menu-item menu-item-type-post_type menu-item-object-page menu-item-7850\"><a href=\"https:\/\/ilupin.com\/fr\/travels\/eastern-europe\/romania\/2023-06-03-bucharest-to-brasov\/\" class=\"menu-link\">Bucarest\u25b8Bra\u0219ov<\/a><\/li>\n<li id=\"menu-item-7849\" class=\"menu-item menu-item-type-post_type menu-item-object-page menu-item-7849\"><a href=\"https:\/\/ilupin.com\/fr\/travels\/eastern-europe\/romania\/2023-06-04-sinaia\/\" class=\"menu-link\">Sinaia<\/a><\/li>\n<li id=\"menu-item-7848\" class=\"menu-item menu-item-type-post_type menu-item-object-page menu-item-7848\"><a href=\"https:\/\/ilupin.com\/fr\/travels\/eastern-europe\/romania\/2023-06-05-poiana-brasov\/\" class=\"menu-link\">Poiana Bra\u0219ov<\/a><\/li>\n<li id=\"menu-item-7847\" class=\"menu-item menu-item-type-post_type menu-item-object-page menu-item-7847\"><a href=\"https:\/\/ilupin.com\/fr\/travels\/eastern-europe\/romania\/2023-06-06-risnov\/\" class=\"menu-link\">R\u00e2\u0219nov<\/a><\/li>\n<li id=\"menu-item-7846\" class=\"menu-item menu-item-type-post_type menu-item-object-page menu-item-7846\"><a href=\"https:\/\/ilupin.com\/fr\/travels\/eastern-europe\/romania\/2023-06-07-brasov-to-cluj\/\" class=\"menu-link\">Bra\u0219ov\u25b8Cluj<\/a><\/li>\n<li id=\"menu-item-7845\" class=\"menu-item menu-item-type-post_type menu-item-object-page menu-item-7845\"><a href=\"https:\/\/ilupin.com\/fr\/travels\/eastern-europe\/romania\/2023-06-08-salina-turda\/\" class=\"menu-link\">Salina Turda<\/a><\/li>\n<li id=\"menu-item-7844\" class=\"menu-item menu-item-type-post_type menu-item-object-page menu-item-7844\"><a href=\"https:\/\/ilupin.com\/fr\/travels\/eastern-europe\/romania\/2023-06-09-alba-iulia\/\" class=\"menu-link\">Alba Iulia<\/a><\/li>\n<li id=\"menu-item-7843\" class=\"menu-item menu-item-type-post_type menu-item-object-page menu-item-7843\"><a href=\"https:\/\/ilupin.com\/fr\/travels\/eastern-europe\/romania\/2023-06-10-cluj-to-lyon\/\" class=\"menu-link\">Cluj\u25b8Lyon<\/a><\/li>\n<\/ul><\/div>\n","protected":false},"excerpt":{"rendered":"<p>Bonjour \u00e0 Cluj-Napoca. H\u00f4tel Continental n\u00e9o-baroque. Un rassemblement sur la place des Syndicats pour soutenir la gr\u00e8ve nationale des travailleurs de l\u2019\u00e9ducation. Non seulement les profs, mais aussi les \u00e9tudiants et leurs parents participent \u00e0 la manifestation. Le roi hongrois Matthias Corvin (n\u00e9 \u00e0 Cluj mais s\u2019est disput\u00e9 avec ses rebelles et en a empal\u00e9 [&hellip;]<\/p>\n","protected":false},"author":1,"featured_media":0,"parent":7919,"menu_order":8,"comment_status":"closed","ping_status":"closed","template":"","meta":{"site-sidebar-layout":"default","site-content-layout":null,"ast-site-content-layout":"default","site-content-style":"default","site-sidebar-style":"default","ast-global-header-display":"","ast-banner-title-visibility":"","ast-main-header-display":"","ast-hfb-above-header-display":"","ast-hfb-below-header-display":"","ast-hfb-mobile-header-display":"","site-post-title":"","ast-breadcrumbs-content":"","ast-featured-img":"","footer-sml-layout":"","ast-disable-related-posts":"","theme-transparent-header-meta":"","adv-header-id-meta":null,"stick-header-meta":null,"header-above-stick-meta":null,"header-main-stick-meta":null,"header-below-stick-meta":null,"astra-migrate-meta-layouts":"set","ast-page-background-enabled":"default","ast-page-background-meta":{"desktop":{"background-color":"","background-image":"","background-repeat":"repeat","background-position":"center center","background-size":"auto","background-attachment":"scroll","background-type":"","background-media":"","overlay-type":"","overlay-color":"","overlay-opacity":"","overlay-gradient":""},"tablet":{"background-color":"","background-image":"","background-repeat":"repeat","background-position":"center center","background-size":"auto","background-attachment":"scroll","background-type":"","background-media":"","overlay-type":"","overlay-color":"","overlay-opacity":"","overlay-gradient":""},"mobile":{"background-color":"","background-image":"","background-repeat":"repeat","background-position":"center center","background-size":"auto","background-attachment":"scroll","background-type":"","background-media":"","overlay-type":"","overlay-color":"","overlay-opacity":"","overlay-gradient":""}},"ast-content-background-meta":{"desktop":{"background-color":"var(--ast-global-color-5)","background-image":"","background-repeat":"repeat","background-position":"center center","background-size":"auto","background-attachment":"scroll","background-type":"","background-media":"","overlay-type":"","overlay-color":"","overlay-opacity":"","overlay-gradient":""},"tablet":{"background-color":"var(--ast-global-color-5)","background-image":"","background-repeat":"repeat","background-position":"center center","background-size":"auto","background-attachment":"scroll","background-type":"","background-media":"","overlay-type":"","overlay-color":"","overlay-opacity":"","overlay-gradient":""},"mobile":{"background-color":"var(--ast-global-color-5)","background-image":"","background-repeat":"repeat","background-position":"center center","background-size":"auto","background-attachment":"scroll","background-type":"","background-media":"","overlay-type":"","overlay-color":"","overlay-opacity":"","overlay-gradient":""}},"footnotes":""},"class_list":["post-7809","page","type-page","status-publish","hentry"],"_links":{"self":[{"href":"https:\/\/ilupin.com\/fr\/wp-json\/wp\/v2\/pages\/7809","targetHints":{"allow":["GET"]}}],"collection":[{"href":"https:\/\/ilupin.com\/fr\/wp-json\/wp\/v2\/pages"}],"about":[{"href":"https:\/\/ilupin.com\/fr\/wp-json\/wp\/v2\/types\/page"}],"author":[{"embeddable":true,"href":"https:\/\/ilupin.com\/fr\/wp-json\/wp\/v2\/users\/1"}],"replies":[{"embeddable":true,"href":"https:\/\/ilupin.com\/fr\/wp-json\/wp\/v2\/comments?post=7809"}],"version-history":[{"count":211,"href":"https:\/\/ilupin.com\/fr\/wp-json\/wp\/v2\/pages\/7809\/revisions"}],"predecessor-version":[{"id":12634,"href":"https:\/\/ilupin.com\/fr\/wp-json\/wp\/v2\/pages\/7809\/revisions\/12634"}],"up":[{"embeddable":true,"href":"https:\/\/ilupin.com\/fr\/wp-json\/wp\/v2\/pages\/7919"}],"wp:attachment":[{"href":"https:\/\/ilupin.com\/fr\/wp-json\/wp\/v2\/media?parent=7809"}],"curies":[{"name":"wp","href":"https:\/\/api.w.org\/{rel}","templated":true}]}}